{"id":12216,"date":"2026-08-28T10:52:03","date_gmt":"2026-08-28T10:52:03","guid":{"rendered":"https:\/\/hernandezinjurylaw.com\/conoce-a-nuestro-equipo\/"},"modified":"2026-09-01T07:35:05","modified_gmt":"2026-09-01T07:35:05","slug":"conoce-a-nuestro-equipo","status":"publish","type":"page","link":"https:\/\/hernandezinjurylaw.com\/es\/conoce-a-nuestro-equipo\/","title":{"rendered":"Conoce a nuestro equipo"},"content":{"rendered":"\t\t<div data-elementor-type=\"wp-page\" data-elementor-id=\"12216\" class=\"elementor elementor-12216 elementor-12064\" data-elementor-post-type=\"page\">\n\t\t\t\t<div class=\"elementor-element elementor-element-a4da76f e-flex e-con-boxed e-con e-parent\" data-id=\"a4da76f\" data-element_type=\"container\" data-e-type=\"container\" data-settings=\"{&quot;background_background&quot;:&quot;classic&quot;}\">\n\t\t\t\t\t<div class=\"e-con-inner\">\n\t\t<div class=\"elementor-element elementor-element-06e1b83 e-con-full e-flex e-con e-child\" data-id=\"06e1b83\" data-element_type=\"container\" data-e-type=\"container\">\n\t\t\t\t<div class=\"elementor-element elementor-element-fde35d1 premium-header-inline premium-lq__none premium-box-lq__none elementor-widget elementor-widget-premium-addon-dual-header\" data-id=\"fde35d1\" data-element_type=\"widget\" data-e-type=\"widget\" data-widget_type=\"premium-addon-dual-header.default\">\n\t\t\t\t\t\n\t\t<div class=\"elementor-widget-container\">\n\t\t<div class=\"premium-dual-header-wrapper\">\n\t\t\t\t\t<h1 class=\"premium-dual-header-first-header \"><span class=\"premium-dual-header-first-span\">Conoce a   <\/span><span class=\"premium-dual-header-second-header \">nuestro equipo<\/span><\/h1> \t\t\t\t\t\t<\/div>\n\t\t<\/div>\n\n\t\t\t\t\t\t<\/div>\n\t\t\t\t<div class=\"elementor-element elementor-element-a704867 elementor-widget elementor-widget-text-editor\" data-id=\"a704867\" data-element_type=\"widget\" data-e-type=\"widget\" data-widget_type=\"text-editor.default\">\n\t\t\t\t<div class=\"elementor-widget-container\">\n\t\t\t\t\t\t\t\t\t<p><span style=\"font-weight: 400;\">Cuando te enfrentas a una lesi\u00f3n, contar con las personas adecuadas a tu lado puede hacer que el proceso legal sea mucho m\u00e1s llevadero. En las Oficinas Legales de Roberto Hernandez, nuestro dedicado equipo trabaja unido para ayudar a los clientes a entender sus opciones, mantenerse informados y gestionar los pasos a seguir tras un accidente. Desde la primera conversaci\u00f3n hasta la resoluci\u00f3n del caso, creemos en tratar a cada cliente con compasi\u00f3n, respeto y atenci\u00f3n personalizada. Conoce a las personas que ayudan a que esto sea posible.   <\/span><\/p>\t\t\t\t\t\t\t\t<\/div>\n\t\t\t\t<\/div>\n\t\t<div class=\"elementor-element elementor-element-6024338 e-grid e-con-full e-con e-child\" data-id=\"6024338\" data-element_type=\"container\" data-e-type=\"container\">\n\t\t\t\t<div class=\"elementor-element elementor-element-f92cbb0 elementor-mobile-align-justify elementor-widget elementor-widget-button\" data-id=\"f92cbb0\" data-element_type=\"widget\" data-e-type=\"widget\" data-widget_type=\"button.default\">\n\t\t\t\t<div class=\"elementor-widget-container\">\n\t\t\t\t\t\t\t\t\t<div class=\"elementor-button-wrapper\">\n\t\t\t\t\t<a class=\"elementor-button elementor-button-link elementor-size-sm\" href=\"https:\/\/hernandezinjurylaw.com\/es\/contacta-con-nosotros\/\">\n\t\t\t\t\t\t<span class=\"elementor-button-content-wrapper\">\n\t\t\t\t\t\t<span class=\"elementor-button-icon\">\n\t\t\t\t<i aria-hidden=\"true\" class=\"fas fa-arrow-right\"><\/i>\t\t\t<\/span>\n\t\t\t\t\t\t\t\t\t<span class=\"elementor-button-text\">Contacta con nuestro equipo<\/span>\n\t\t\t\t\t<\/span>\n\t\t\t\t\t<\/a>\n\t\t\t\t<\/div>\n\t\t\t\t\t\t\t\t<\/div>\n\t\t\t\t<\/div>\n\t\t\t\t<\/div>\n\t\t\t\t<\/div>\n\t\t<div class=\"elementor-element elementor-element-de7d7db e-con-full e-flex e-con e-child\" data-id=\"de7d7db\" data-element_type=\"container\" data-e-type=\"container\" data-settings=\"{&quot;background_background&quot;:&quot;classic&quot;}\">\n\t\t<div class=\"elementor-element elementor-element-5cded1d e-con-full e-flex e-con e-child\" data-id=\"5cded1d\" data-element_type=\"container\" data-e-type=\"container\" data-settings=\"{&quot;background_background&quot;:&quot;classic&quot;}\">\n\t\t\t\t<\/div>\n\t\t\t\t<\/div>\n\t\t\t\t\t<\/div>\n\t\t\t\t<\/div>\n\t\t<div class=\"elementor-element elementor-element-12ea7f1 e-flex e-con-boxed e-con e-parent\" data-id=\"12ea7f1\" data-element_type=\"container\" data-e-type=\"container\">\n\t\t\t\t\t<div class=\"e-con-inner\">\n\t\t<div class=\"elementor-element elementor-element-b832bbb e-con-full e-flex e-con e-child\" data-id=\"b832bbb\" data-element_type=\"container\" data-e-type=\"container\">\n\t\t\t\t<div class=\"elementor-element elementor-element-52aa985 elementor-widget__width-initial elementor-hidden-mobile_extra elementor-hidden-mobile elementor-widget elementor-widget-image\" data-id=\"52aa985\" data-element_type=\"widget\" data-e-type=\"widget\" data-widget_type=\"image.default\">\n\t\t\t\t<div class=\"elementor-widget-container\">\n\t\t\t\t\t\t\t\t\t\t\t\t\t\t\t<img fetchpriority=\"high\" decoding=\"async\" width=\"512\" height=\"512\" src=\"https:\/\/hernandezinjurylaw.com\/wp-content\/uploads\/2026\/08\/remove.png\" class=\"attachment-full size-full wp-image-12206\" alt=\"\" \/>\t\t\t\t\t\t\t\t\t\t\t\t\t\t\t<\/div>\n\t\t\t\t<\/div>\n\t\t\t\t<div class=\"elementor-element elementor-element-77eb036 premium-header-inline premium-lq__none premium-box-lq__none elementor-widget elementor-widget-premium-addon-dual-header\" data-id=\"77eb036\" data-element_type=\"widget\" data-e-type=\"widget\" data-widget_type=\"premium-addon-dual-header.default\">\n\t\t\t\t\t\n\t\t<div class=\"elementor-widget-container\">\n\t\t<div class=\"premium-dual-header-wrapper\">\n\t\t\t\t\t<h1 class=\"premium-dual-header-first-header \"><span class=\"premium-dual-header-first-span\">Conoce a las personas   <\/span><span class=\"premium-dual-header-second-header \">detr\u00e1s de tu caso<\/span><\/h1> \t\t\t\t\t\t<\/div>\n\t\t<\/div>\n\n\t\t\t\t\t\t<\/div>\n\t\t\t\t<div class=\"elementor-element elementor-element-90cb442 elementor-widget__width-initial elementor-hidden-mobile_extra elementor-hidden-mobile elementor-widget elementor-widget-image\" data-id=\"90cb442\" data-element_type=\"widget\" data-e-type=\"widget\" data-widget_type=\"image.default\">\n\t\t\t\t<div class=\"elementor-widget-container\">\n\t\t\t\t\t\t\t\t\t\t\t\t\t\t\t<img fetchpriority=\"high\" decoding=\"async\" width=\"512\" height=\"512\" src=\"https:\/\/hernandezinjurylaw.com\/wp-content\/uploads\/2026\/08\/remove.png\" class=\"attachment-full size-full wp-image-12206\" alt=\"\" \/>\t\t\t\t\t\t\t\t\t\t\t\t\t\t\t<\/div>\n\t\t\t\t<\/div>\n\t\t\t\t<\/div>\n\t\t<div class=\"elementor-element elementor-element-a1c64eb e-con-full e-flex e-con e-child\" data-id=\"a1c64eb\" data-element_type=\"container\" data-e-type=\"container\">\n\t\t<div class=\"elementor-element elementor-element-6e058f5 e-con-full e-flex e-con e-child\" data-id=\"6e058f5\" data-element_type=\"container\" data-e-type=\"container\" data-settings=\"{&quot;background_background&quot;:&quot;classic&quot;}\">\n\t\t\t\t<div class=\"elementor-element elementor-element-d533ec3 elementor-position-top elementor-widget-mobile__width-inherit elementor-position-top elementor-widget elementor-widget-image-box\" data-id=\"d533ec3\" data-element_type=\"widget\" data-e-type=\"widget\" data-widget_type=\"image-box.default\">\n\t\t\t\t<div class=\"elementor-widget-container\">\n\t\t\t\t\t<div class=\"elementor-image-box-wrapper\"><figure class=\"elementor-image-box-img\"><img decoding=\"async\" width=\"1024\" height=\"1024\" src=\"https:\/\/hernandezinjurylaw.com\/wp-content\/uploads\/2026\/08\/Generated-Image-August-28-2026-10_52PM-1.webp\" class=\"attachment-full size-full wp-image-12207\" alt=\"\" \/><\/figure><div class=\"elementor-image-box-content\"><h3 class=\"elementor-image-box-title\"><span><b>Nayeli Villalobos<\/b><\/span><br \/><span style=\"font-size:25px;color:black\">Paralegal \/ Gestora de casos <\/span> <\/h3><p class=\"elementor-image-box-description\">Con formaci\u00f3n en Estudios Ingleses, Nayeli se centra en construir relaciones positivas con los clientes y ayudarles a sentirse escuchados durante todo el proceso.\n<\/p><\/div><\/div>\t\t\t\t<\/div>\n\t\t\t\t<\/div>\n\t\t\t\t<div class=\"elementor-element elementor-element-18c9559 premium-modal-dismissible-yes elementor-widget elementor-widget-premium-addon-modal-box\" data-id=\"18c9559\" data-element_type=\"widget\" data-e-type=\"widget\" data-settings=\"{&quot;premium_modal_box_animation&quot;:&quot;fadeInDown&quot;}\" data-widget_type=\"premium-addon-modal-box.default\">\n\t\t\t\t<div class=\"elementor-widget-container\">\n\t\t\t\t\t\n\t\t<div class=\"premium-modal-box-container\" data-settings=\"{&quot;trigger&quot;:&quot;button&quot;,&quot;show_on_exit&quot;:false}\">\n\t\t\t<div class=\"premium-modal-trigger-container\">\n\t\t\t\t\t\t\t\t\t<button data-toggle=\"premium-modal\" data-target=\"#premium-modal-18c9559\" type=\"button\" class=\"premium-modal-trigger-btn premium-btn-lg premium-button-none \" data-text=\"Ver biograf\u00eda\">\n\n\t\t\t\t\t\t\n\t\t\t\t\t\t<div class=\"premium-button-text-icon-wrapper\">\n\t\t\t\t\t\t\t<span>Ver biograf\u00eda<\/span>\n\t\t\t\t\t\t<\/div>\n\n\t\t\t\t\t\t\n\t\t\t\t\t\t\n\t\t\t\t\t\t\n\t\t\t\t\t<\/button>\n\t\t\t\t\t\t\t<\/div>\n\n\t\t\t<div id=\"premium-modal-18c9559\" class=\"premium-modal-box-modal\"\n\t\t\trole=\"dialog\"\n\t\t\tstyle=\"display: none\"\n\t\t\t>\n\t\t\t\t<div class=\"premium-modal-box-modal-dialog\" data-delay-animation=\"\" data-modal-animation=\"fadeInDown animated-fast\">\n\t\t\t\t\t\t\t\t\t\t\t<div class=\"premium-modal-box-modal-header\">\n\t\t\t\t\t\t\t\t\t\t\t\t\t\t\t<h3 class=\"premium-modal-box-modal-title\">\n\t\t\t\t\t\t\t\t\tNayeli Villalobos \u2014 Paralegal\t\t\t\t\t\t\t\t<\/h3>\n\t\t\t\t\t\t\t\t\t\t\t\t\t\t\t\t\t\t\t\t\t\t<div class=\"premium-modal-box-close-button-container\">\n\t\t\t\t\t\t\t\t\t<button type=\"button\" class=\"premium-modal-box-modal-close\" data-dismiss=\"premium-modal\">&times;<\/button>\n\t\t\t\t\t\t\t\t<\/div>\n\t\t\t\t\t\t\t\t\t\t\t\t\t<\/div>\n\t\t\t\t\t\t\t\t\t\t<div class=\"premium-modal-box-modal-body\">\n\t\t\t\t\t\t\t\t\t\t\t\t\t<p><span style=\"font-weight: 400;\">Nayeli Villalobos obtuvo su t\u00edtulo de grado superior en Estudios Ingleses en el Salt Lake Community College y trabaja con Roberto desde 2022. Durante este tiempo, ha desarrollado relaciones muy significativas con los clientes mientras les ayuda a gestionar lo que a menudo puede ser un proceso dif\u00edcil y desconocido.  <\/span><\/p><p><span style=\"font-weight: 400;\">Se enorgullece de hacer que los clientes se sientan apoyados, escuchados e informados durante sus casos. Nayeli entiende que, tras una lesi\u00f3n inesperada, tener a alguien que escuche atentamente y ayude a guiarte a trav\u00e9s del procedimiento puede marcar una diferencia significativa.  <\/span><\/p><p><span style=\"font-weight: 400;\">Su enfoque se centra en la comunicaci\u00f3n, la compasi\u00f3n y en ser alguien en quien los clientes puedan confiar cuando necesitan apoyo. Desea seguir marcando una diferencia positiva en las vidas de las personas a las que sirve. <\/span><\/p>\n\t\t\t\t\t\t\t\t\t\t\t<\/div>\n\t\t\t\t\t\t\t\t\t\t\t<div class=\"premium-modal-box-modal-footer\">\n\t\t\t\t\t\t\t<button type=\"button\" class=\"premium-modal-box-modal-lower-close\" data-dismiss=\"premium-modal\">\n\t\t\t\t\t\t\t\tCerrar\t\t\t\t\t\t\t<\/button>\n\t\t\t\t\t\t<\/div>\n\t\t\t\t\t\t\t\t\t<\/div>\n\t\t\t<\/div>\n\t\t<\/div>\n\t\t\t\t\t\t<\/div>\n\t\t\t\t<\/div>\n\t\t\t\t<\/div>\n\t\t<div class=\"elementor-element elementor-element-67f366d e-con-full e-flex e-con e-child\" data-id=\"67f366d\" data-element_type=\"container\" data-e-type=\"container\" data-settings=\"{&quot;background_background&quot;:&quot;classic&quot;}\">\n\t\t\t\t<div class=\"elementor-element elementor-element-981b837 elementor-position-top elementor-widget-mobile__width-inherit elementor-position-top elementor-widget elementor-widget-image-box\" data-id=\"981b837\" data-element_type=\"widget\" data-e-type=\"widget\" data-widget_type=\"image-box.default\">\n\t\t\t\t<div class=\"elementor-widget-container\">\n\t\t\t\t\t<div class=\"elementor-image-box-wrapper\"><figure class=\"elementor-image-box-img\"><img decoding=\"async\" width=\"1024\" height=\"1024\" src=\"https:\/\/hernandezinjurylaw.com\/wp-content\/uploads\/2026\/08\/Generated-Image-August-28-2026-10_54PM-4-1.webp\" class=\"attachment-full size-full wp-image-12208\" alt=\"\" \/><\/figure><div class=\"elementor-image-box-content\"><h3 class=\"elementor-image-box-title\"><span><b>Miguel Villalobos<\/b><\/span><br \/><span style=\"font-size:25px;color:black\">Paralegal \/ Gestor de casos <\/span> <\/h3><p class=\"elementor-image-box-description\">Con experiencia apoyando a clientes en procesos de lesiones personales, Miguel Villalobos ayuda con asuntos de seguros, comunicaci\u00f3n, proveedores m\u00e9dicos y otros aspectos.\n<\/p><\/div><\/div>\t\t\t\t<\/div>\n\t\t\t\t<\/div>\n\t\t\t\t<div class=\"elementor-element elementor-element-724699f premium-modal-dismissible-yes elementor-widget elementor-widget-premium-addon-modal-box\" data-id=\"724699f\" data-element_type=\"widget\" data-e-type=\"widget\" data-settings=\"{&quot;premium_modal_box_animation&quot;:&quot;fadeInDown&quot;}\" data-widget_type=\"premium-addon-modal-box.default\">\n\t\t\t\t<div class=\"elementor-widget-container\">\n\t\t\t\t\t\n\t\t<div class=\"premium-modal-box-container\" data-settings=\"{&quot;trigger&quot;:&quot;button&quot;,&quot;show_on_exit&quot;:false}\">\n\t\t\t<div class=\"premium-modal-trigger-container\">\n\t\t\t\t\t\t\t\t\t<button data-toggle=\"premium-modal\" data-target=\"#premium-modal-724699f\" type=\"button\" class=\"premium-modal-trigger-btn premium-btn-lg premium-button-none \" data-text=\"Ver biograf\u00eda\">\n\n\t\t\t\t\t\t\n\t\t\t\t\t\t<div class=\"premium-button-text-icon-wrapper\">\n\t\t\t\t\t\t\t<span>Ver biograf\u00eda<\/span>\n\t\t\t\t\t\t<\/div>\n\n\t\t\t\t\t\t\n\t\t\t\t\t\t\n\t\t\t\t\t\t\n\t\t\t\t\t<\/button>\n\t\t\t\t\t\t\t<\/div>\n\n\t\t\t<div id=\"premium-modal-724699f\" class=\"premium-modal-box-modal\"\n\t\t\trole=\"dialog\"\n\t\t\tstyle=\"display: none\"\n\t\t\t>\n\t\t\t\t<div class=\"premium-modal-box-modal-dialog\" data-delay-animation=\"\" data-modal-animation=\"fadeInDown animated-fast\">\n\t\t\t\t\t\t\t\t\t\t\t<div class=\"premium-modal-box-modal-header\">\n\t\t\t\t\t\t\t\t\t\t\t\t\t\t\t<h3 class=\"premium-modal-box-modal-title\">\n\t\t\t\t\t\t\t\t\tMiguel Villalobos \u2014 Paralegal \/ Gestor de casos\t\t\t\t\t\t\t\t<\/h3>\n\t\t\t\t\t\t\t\t\t\t\t\t\t\t\t\t\t\t\t\t\t\t<div class=\"premium-modal-box-close-button-container\">\n\t\t\t\t\t\t\t\t\t<button type=\"button\" class=\"premium-modal-box-modal-close\" data-dismiss=\"premium-modal\">&times;<\/button>\n\t\t\t\t\t\t\t\t<\/div>\n\t\t\t\t\t\t\t\t\t\t\t\t\t<\/div>\n\t\t\t\t\t\t\t\t\t\t<div class=\"premium-modal-box-modal-body\">\n\t\t\t\t\t\t\t\t\t\t\t\t\t<p><span style=\"font-weight: 400;\">Como paralegal en las Oficinas Legales de Roberto Hernandez desde enero de 2022, Miguel ayuda a los clientes a gestionar los detalles complejos de un caso de lesiones personales. Con fluidez tanto en espa\u00f1ol como en ingl\u00e9s, trabaja estrechamente con los clientes durante todo el proceso de recuperaci\u00f3n y tambi\u00e9n asiste en la comunicaci\u00f3n con proveedores m\u00e9dicos y peritos de seguros. <\/span><\/p><p><span style=\"font-weight: 400;\">Desde ayudar con la admisi\u00f3n de clientes y reclamaciones por da\u00f1os materiales hasta recopilar historiales m\u00e9dicos y preparar reclamaciones s\u00f3lidas, se esfuerza por mantener los aspectos cruciales de cada caso bien organizados y en marcha. Centrado en la atenci\u00f3n personalizada y la comunicaci\u00f3n clara, trabaja para que el proceso legal sea lo menos estresante posible para los clientes mientras ellos se centran plenamente en su recuperaci\u00f3n.  <\/span><\/p>\n\t\t\t\t\t\t\t\t\t\t\t<\/div>\n\t\t\t\t\t\t\t\t\t\t\t<div class=\"premium-modal-box-modal-footer\">\n\t\t\t\t\t\t\t<button type=\"button\" class=\"premium-modal-box-modal-lower-close\" data-dismiss=\"premium-modal\">\n\t\t\t\t\t\t\t\tCerrar\t\t\t\t\t\t\t<\/button>\n\t\t\t\t\t\t<\/div>\n\t\t\t\t\t\t\t\t\t<\/div>\n\t\t\t<\/div>\n\t\t<\/div>\n\t\t\t\t\t\t<\/div>\n\t\t\t\t<\/div>\n\t\t\t\t<\/div>\n\t\t<div class=\"elementor-element elementor-element-c7a0d36 e-con-full e-flex e-con e-child\" data-id=\"c7a0d36\" data-element_type=\"container\" data-e-type=\"container\" data-settings=\"{&quot;background_background&quot;:&quot;classic&quot;}\">\n\t\t\t\t<div class=\"elementor-element elementor-element-6400261 elementor-position-top elementor-widget-mobile__width-inherit elementor-position-top elementor-widget elementor-widget-image-box\" data-id=\"6400261\" data-element_type=\"widget\" data-e-type=\"widget\" data-widget_type=\"image-box.default\">\n\t\t\t\t<div class=\"elementor-widget-container\">\n\t\t\t\t\t<div class=\"elementor-image-box-wrapper\"><figure class=\"elementor-image-box-img\"><img loading=\"lazy\" decoding=\"async\" width=\"1024\" height=\"1024\" src=\"https:\/\/hernandezinjurylaw.com\/wp-content\/uploads\/2026\/08\/Generated-Image-August-28-2026-10_54PM-5.webp\" class=\"attachment-full size-full wp-image-12209\" alt=\"\" \/><\/figure><div class=\"elementor-image-box-content\"><h3 class=\"elementor-image-box-title\"><span><b>David Toscano<\/b><\/span><br \/><span style=\"font-size:25px;color:black\">Paralegal \/ Gestor de casos<\/span><\/h3><p class=\"elementor-image-box-description\">Con formaci\u00f3n en psicolog\u00eda y m\u00e1s de 2 a\u00f1os de experiencia como paralegal, David se centra principalmente en construir relaciones s\u00f3lidas con proveedores y clientes.\n<\/p><\/div><\/div>\t\t\t\t<\/div>\n\t\t\t\t<\/div>\n\t\t\t\t<div class=\"elementor-element elementor-element-60c369f premium-modal-dismissible-yes elementor-widget elementor-widget-premium-addon-modal-box\" data-id=\"60c369f\" data-element_type=\"widget\" data-e-type=\"widget\" data-settings=\"{&quot;premium_modal_box_animation&quot;:&quot;fadeInDown&quot;}\" data-widget_type=\"premium-addon-modal-box.default\">\n\t\t\t\t<div class=\"elementor-widget-container\">\n\t\t\t\t\t\n\t\t<div class=\"premium-modal-box-container\" data-settings=\"{&quot;trigger&quot;:&quot;button&quot;,&quot;show_on_exit&quot;:false}\">\n\t\t\t<div class=\"premium-modal-trigger-container\">\n\t\t\t\t\t\t\t\t\t<button data-toggle=\"premium-modal\" data-target=\"#premium-modal-60c369f\" type=\"button\" class=\"premium-modal-trigger-btn premium-btn-lg premium-button-none \" data-text=\"Ver biograf\u00eda\">\n\n\t\t\t\t\t\t\n\t\t\t\t\t\t<div class=\"premium-button-text-icon-wrapper\">\n\t\t\t\t\t\t\t<span>Ver biograf\u00eda<\/span>\n\t\t\t\t\t\t<\/div>\n\n\t\t\t\t\t\t\n\t\t\t\t\t\t\n\t\t\t\t\t\t\n\t\t\t\t\t<\/button>\n\t\t\t\t\t\t\t<\/div>\n\n\t\t\t<div id=\"premium-modal-60c369f\" class=\"premium-modal-box-modal\"\n\t\t\trole=\"dialog\"\n\t\t\tstyle=\"display: none\"\n\t\t\t>\n\t\t\t\t<div class=\"premium-modal-box-modal-dialog\" data-delay-animation=\"\" data-modal-animation=\"fadeInDown animated-fast\">\n\t\t\t\t\t\t\t\t\t\t\t<div class=\"premium-modal-box-modal-header\">\n\t\t\t\t\t\t\t\t\t\t\t\t\t\t\t<h3 class=\"premium-modal-box-modal-title\">\n\t\t\t\t\t\t\t\t\tDavid Toscano \u2014 Paralegal\t\t\t\t\t\t\t\t<\/h3>\n\t\t\t\t\t\t\t\t\t\t\t\t\t\t\t\t\t\t\t\t\t\t<div class=\"premium-modal-box-close-button-container\">\n\t\t\t\t\t\t\t\t\t<button type=\"button\" class=\"premium-modal-box-modal-close\" data-dismiss=\"premium-modal\">&times;<\/button>\n\t\t\t\t\t\t\t\t<\/div>\n\t\t\t\t\t\t\t\t\t\t\t\t\t<\/div>\n\t\t\t\t\t\t\t\t\t\t<div class=\"premium-modal-box-modal-body\">\n\t\t\t\t\t\t\t\t\t\t\t\t\t<p><span style=\"font-weight: 400;\">David Toscano obtuvo su licenciatura en Psicolog\u00eda por la Universidad de Utah, junto con un certificado de grado en Psicolog\u00eda Positiva. Ha aplicado esa formaci\u00f3n para establecer relaciones interpersonales s\u00f3lidas con los proveedores m\u00e9dicos y los clientes con los que trabaja como paralegal.  <\/span><\/p><p><span style=\"font-weight: 400;\">Con m\u00e1s de 2 a\u00f1os de experiencia en el sector, David entiende la importancia de un servicio al cliente atento y una comunicaci\u00f3n clara durante un caso de lesiones personales. Trabaja para asegurar que todos los clientes reciban la atenci\u00f3n que merecen mientras su caso avanza. Su enfoque se basa en generar confianza, comprender a las personas y responder a las necesidades de cada cliente al que sirve.   <\/span><\/p>\n\t\t\t\t\t\t\t\t\t\t\t<\/div>\n\t\t\t\t\t\t\t\t\t\t\t<div class=\"premium-modal-box-modal-footer\">\n\t\t\t\t\t\t\t<button type=\"button\" class=\"premium-modal-box-modal-lower-close\" data-dismiss=\"premium-modal\">\n\t\t\t\t\t\t\t\tCerrar\t\t\t\t\t\t\t<\/button>\n\t\t\t\t\t\t<\/div>\n\t\t\t\t\t\t\t\t\t<\/div>\n\t\t\t<\/div>\n\t\t<\/div>\n\t\t\t\t\t\t<\/div>\n\t\t\t\t<\/div>\n\t\t\t\t<\/div>\n\t\t\t\t<\/div>\n\t\t<div class=\"elementor-element elementor-element-bd04e98 e-con-full e-flex e-con e-child\" data-id=\"bd04e98\" data-element_type=\"container\" data-e-type=\"container\">\n\t\t<div class=\"elementor-element elementor-element-407c68a e-con-full e-flex e-con e-child\" data-id=\"407c68a\" data-element_type=\"container\" data-e-type=\"container\" data-settings=\"{&quot;background_background&quot;:&quot;classic&quot;}\">\n\t\t\t\t<div class=\"elementor-element elementor-element-7149738 elementor-position-top elementor-widget-mobile__width-inherit elementor-position-top elementor-widget elementor-widget-image-box\" data-id=\"7149738\" data-element_type=\"widget\" data-e-type=\"widget\" data-widget_type=\"image-box.default\">\n\t\t\t\t<div class=\"elementor-widget-container\">\n\t\t\t\t\t<div class=\"elementor-image-box-wrapper\"><figure class=\"elementor-image-box-img\"><img loading=\"lazy\" decoding=\"async\" width=\"1024\" height=\"1024\" src=\"https:\/\/hernandezinjurylaw.com\/wp-content\/uploads\/2026\/08\/Generated-Image-August-28-2026-10_54PM-2-1.webp\" class=\"attachment-full size-full wp-image-12210\" alt=\"\" \/><\/figure><div class=\"elementor-image-box-content\"><h3 class=\"elementor-image-box-title\"><span><b>Gabriela<\/b><\/span><br \/><span style=\"font-size:25px;color:black\">Paralegal \/ Asistente legal<\/span><\/h3><p class=\"elementor-image-box-description\">Gabriela combina casi 5 a\u00f1os de experiencia legal con formaci\u00f3n en ciencias de la salud para comprender mejor las lesiones de los clientes y apoyar sus casos.\n<\/p><\/div><\/div>\t\t\t\t<\/div>\n\t\t\t\t<\/div>\n\t\t\t\t<div class=\"elementor-element elementor-element-a97d61c premium-modal-dismissible-yes elementor-widget elementor-widget-premium-addon-modal-box\" data-id=\"a97d61c\" data-element_type=\"widget\" data-e-type=\"widget\" data-settings=\"{&quot;premium_modal_box_animation&quot;:&quot;fadeInDown&quot;}\" data-widget_type=\"premium-addon-modal-box.default\">\n\t\t\t\t<div class=\"elementor-widget-container\">\n\t\t\t\t\t\n\t\t<div class=\"premium-modal-box-container\" data-settings=\"{&quot;trigger&quot;:&quot;button&quot;,&quot;show_on_exit&quot;:false}\">\n\t\t\t<div class=\"premium-modal-trigger-container\">\n\t\t\t\t\t\t\t\t\t<button data-toggle=\"premium-modal\" data-target=\"#premium-modal-a97d61c\" type=\"button\" class=\"premium-modal-trigger-btn premium-btn-lg premium-button-none \" data-text=\"Ver biograf\u00eda\">\n\n\t\t\t\t\t\t\n\t\t\t\t\t\t<div class=\"premium-button-text-icon-wrapper\">\n\t\t\t\t\t\t\t<span>Ver biograf\u00eda<\/span>\n\t\t\t\t\t\t<\/div>\n\n\t\t\t\t\t\t\n\t\t\t\t\t\t\n\t\t\t\t\t\t\n\t\t\t\t\t<\/button>\n\t\t\t\t\t\t\t<\/div>\n\n\t\t\t<div id=\"premium-modal-a97d61c\" class=\"premium-modal-box-modal\"\n\t\t\trole=\"dialog\"\n\t\t\tstyle=\"display: none\"\n\t\t\t>\n\t\t\t\t<div class=\"premium-modal-box-modal-dialog\" data-delay-animation=\"\" data-modal-animation=\"fadeInDown animated-fast\">\n\t\t\t\t\t\t\t\t\t\t\t<div class=\"premium-modal-box-modal-header\">\n\t\t\t\t\t\t\t\t\t\t\t\t\t\t\t<h3 class=\"premium-modal-box-modal-title\">\n\t\t\t\t\t\t\t\t\tGabriela \u2014 Paralegal\t\t\t\t\t\t\t\t<\/h3>\n\t\t\t\t\t\t\t\t\t\t\t\t\t\t\t\t\t\t\t\t\t\t<div class=\"premium-modal-box-close-button-container\">\n\t\t\t\t\t\t\t\t\t<button type=\"button\" class=\"premium-modal-box-modal-close\" data-dismiss=\"premium-modal\">&times;<\/button>\n\t\t\t\t\t\t\t\t<\/div>\n\t\t\t\t\t\t\t\t\t\t\t\t\t<\/div>\n\t\t\t\t\t\t\t\t\t\t<div class=\"premium-modal-box-modal-body\">\n\t\t\t\t\t\t\t\t\t\t\t\t\t<p><span style=\"font-weight: 400;\">Gabriela es una paralegal dedicada con cerca de 5 a\u00f1os de experiencia en las Oficinas Legales de Roberto Hernandez, donde se centra verdaderamente en la gesti\u00f3n de casos y litigios. Obtuvo su t\u00edtulo de grado superior en Ciencias de la Salud en el Salt Lake Community College, lo que le otorga un buen conocimiento de la atenci\u00f3n sanitaria que complementa su trabajo con clientes de lesiones personales.  <\/span><\/p><p><span style=\"font-weight: 400;\">Utiliza su formaci\u00f3n en ciencias de la salud para comprender mejor las lesiones que han sufrido los clientes y el tratamiento que reciben a medida que sus casos avanzan en el proceso legal. Gabriela es conocida por su compasi\u00f3n, atenci\u00f3n al detalle y compromiso para ayudar a los clientes a afrontar los retos que pueden seguir a una lesi\u00f3n. Ya sea ayudando a los clientes a entender los siguientes pasos en su caso o apoyando la preparaci\u00f3n del mismo, aborda su trabajo con prop\u00f3sito y esmero.  <\/span><\/p>\n\t\t\t\t\t\t\t\t\t\t\t<\/div>\n\t\t\t\t\t\t\t\t\t\t\t<div class=\"premium-modal-box-modal-footer\">\n\t\t\t\t\t\t\t<button type=\"button\" class=\"premium-modal-box-modal-lower-close\" data-dismiss=\"premium-modal\">\n\t\t\t\t\t\t\t\tCerrar\t\t\t\t\t\t\t<\/button>\n\t\t\t\t\t\t<\/div>\n\t\t\t\t\t\t\t\t\t<\/div>\n\t\t\t<\/div>\n\t\t<\/div>\n\t\t\t\t\t\t<\/div>\n\t\t\t\t<\/div>\n\t\t\t\t<\/div>\n\t\t<div class=\"elementor-element elementor-element-59548f8 e-con-full e-flex e-con e-child\" data-id=\"59548f8\" data-element_type=\"container\" data-e-type=\"container\" data-settings=\"{&quot;background_background&quot;:&quot;classic&quot;}\">\n\t\t\t\t<div class=\"elementor-element elementor-element-ef72080 elementor-position-top elementor-widget-mobile__width-inherit elementor-position-top elementor-widget elementor-widget-image-box\" data-id=\"ef72080\" data-element_type=\"widget\" data-e-type=\"widget\" data-widget_type=\"image-box.default\">\n\t\t\t\t<div class=\"elementor-widget-container\">\n\t\t\t\t\t<div class=\"elementor-image-box-wrapper\"><figure class=\"elementor-image-box-img\"><img loading=\"lazy\" decoding=\"async\" width=\"1024\" height=\"1024\" src=\"https:\/\/hernandezinjurylaw.com\/wp-content\/uploads\/2026\/08\/Generated-Image-August-28-2026-11_17PM.webp\" class=\"attachment-full size-full wp-image-12211\" alt=\"\" \/><\/figure><div class=\"elementor-image-box-content\"><h3 class=\"elementor-image-box-title\"><span><b>Chase Clavell<\/b><\/span><br \/><span style=\"font-size:25px;color:black\">Gerente de oficina \/ Supervisor de gesti\u00f3n de casos<\/span><\/h3><p class=\"elementor-image-box-description\">Con una amplia experiencia en gesti\u00f3n de casos y apoyo legal, Chase supervisa el proceso de gesti\u00f3n de casos de la firma mientras apoya al equipo.\n<\/p><\/div><\/div>\t\t\t\t<\/div>\n\t\t\t\t<\/div>\n\t\t\t\t<div class=\"elementor-element elementor-element-4297ff2 premium-modal-dismissible-yes elementor-widget elementor-widget-premium-addon-modal-box\" data-id=\"4297ff2\" data-element_type=\"widget\" data-e-type=\"widget\" data-settings=\"{&quot;premium_modal_box_animation&quot;:&quot;fadeInDown&quot;}\" data-widget_type=\"premium-addon-modal-box.default\">\n\t\t\t\t<div class=\"elementor-widget-container\">\n\t\t\t\t\t\n\t\t<div class=\"premium-modal-box-container\" data-settings=\"{&quot;trigger&quot;:&quot;button&quot;,&quot;show_on_exit&quot;:false}\">\n\t\t\t<div class=\"premium-modal-trigger-container\">\n\t\t\t\t\t\t\t\t\t<button data-toggle=\"premium-modal\" data-target=\"#premium-modal-4297ff2\" type=\"button\" class=\"premium-modal-trigger-btn premium-btn-lg premium-button-none \" data-text=\"Ver biograf\u00eda\">\n\n\t\t\t\t\t\t\n\t\t\t\t\t\t<div class=\"premium-button-text-icon-wrapper\">\n\t\t\t\t\t\t\t<span>Ver biograf\u00eda<\/span>\n\t\t\t\t\t\t<\/div>\n\n\t\t\t\t\t\t\n\t\t\t\t\t\t\n\t\t\t\t\t\t\n\t\t\t\t\t<\/button>\n\t\t\t\t\t\t\t<\/div>\n\n\t\t\t<div id=\"premium-modal-4297ff2\" class=\"premium-modal-box-modal\"\n\t\t\trole=\"dialog\"\n\t\t\tstyle=\"display: none\"\n\t\t\t>\n\t\t\t\t<div class=\"premium-modal-box-modal-dialog\" data-delay-animation=\"\" data-modal-animation=\"fadeInDown animated-fast\">\n\t\t\t\t\t\t\t\t\t\t\t<div class=\"premium-modal-box-modal-header\">\n\t\t\t\t\t\t\t\t\t\t\t\t\t\t\t<h3 class=\"premium-modal-box-modal-title\">\n\t\t\t\t\t\t\t\t\tChase Clavell \u2014 Gerente de oficina \/ Supervisor de gesti\u00f3n de casos\t\t\t\t\t\t\t\t<\/h3>\n\t\t\t\t\t\t\t\t\t\t\t\t\t\t\t\t\t\t\t\t\t\t<div class=\"premium-modal-box-close-button-container\">\n\t\t\t\t\t\t\t\t\t<button type=\"button\" class=\"premium-modal-box-modal-close\" data-dismiss=\"premium-modal\">&times;<\/button>\n\t\t\t\t\t\t\t\t<\/div>\n\t\t\t\t\t\t\t\t\t\t\t\t\t<\/div>\n\t\t\t\t\t\t\t\t\t\t<div class=\"premium-modal-box-modal-body\">\n\t\t\t\t\t\t\t\t\t\t\t\t\t<p><span style=\"font-weight: 400;\">Chase Clavell ejerce como gestor de casos y gerente de oficina en la firma, ayudando a dar soporte tanto a las operaciones diarias como al equipo de gesti\u00f3n de casos. Su funci\u00f3n combina la supervisi\u00f3n organizativa con el enfoque en mantener una experiencia buena y constante para los clientes a medida que sus casos avanzan.  <\/span><\/p><p><span style=\"font-weight: 400;\">Adem\u00e1s, ayuda a dar soporte al equipo responsable de gestionar los detalles complicados de los casos, las necesidades de los clientes y la comunicaci\u00f3n. Su trayectoria profesional tambi\u00e9n incluye experiencia en apoyo legal y trabajo relacionado con casos, lo que le otorga una comprensi\u00f3n profunda de la importancia de una comunicaci\u00f3n y organizaci\u00f3n cuidadosas. En su puesto, ayuda a que el equipo de la firma se mantenga coordinado, manteniendo el servicio al cliente en el centro de su labor.  <\/span><\/p>\n\t\t\t\t\t\t\t\t\t\t\t<\/div>\n\t\t\t\t\t\t\t\t\t\t\t<div class=\"premium-modal-box-modal-footer\">\n\t\t\t\t\t\t\t<button type=\"button\" class=\"premium-modal-box-modal-lower-close\" data-dismiss=\"premium-modal\">\n\t\t\t\t\t\t\t\tCerrar\t\t\t\t\t\t\t<\/button>\n\t\t\t\t\t\t<\/div>\n\t\t\t\t\t\t\t\t\t<\/div>\n\t\t\t<\/div>\n\t\t<\/div>\n\t\t\t\t\t\t<\/div>\n\t\t\t\t<\/div>\n\t\t\t\t<\/div>\n\t\t<div class=\"elementor-element elementor-element-d116998 e-con-full e-flex e-con e-child\" data-id=\"d116998\" data-element_type=\"container\" data-e-type=\"container\" data-settings=\"{&quot;background_background&quot;:&quot;classic&quot;}\">\n\t\t\t\t<div class=\"elementor-element elementor-element-7c1b15c elementor-position-top elementor-widget-mobile__width-inherit elementor-position-top elementor-widget elementor-widget-image-box\" data-id=\"7c1b15c\" data-element_type=\"widget\" data-e-type=\"widget\" data-widget_type=\"image-box.default\">\n\t\t\t\t<div class=\"elementor-widget-container\">\n\t\t\t\t\t<div class=\"elementor-image-box-wrapper\"><figure class=\"elementor-image-box-img\"><img loading=\"lazy\" decoding=\"async\" width=\"1024\" height=\"1024\" src=\"https:\/\/hernandezinjurylaw.com\/wp-content\/uploads\/2026\/08\/Generated-Image-August-29-2026-3_13PM.webp\" class=\"attachment-full size-full wp-image-12212\" alt=\"\" \/><\/figure><div class=\"elementor-image-box-content\"><h3 class=\"elementor-image-box-title\"><span><b>Mayra Parra<\/b><\/span><br \/><span style=\"font-size:25px;color:black\">Paralegal \/ Gestora de casos<\/span><\/h3><p class=\"elementor-image-box-description\">Mayra apoya a los clientes durante todo el proceso de lesiones personales. Ayuda a gestionar los detalles del caso y proporciona la comunicaci\u00f3n y el seguimiento que los clientes necesitan en el camino. \n<\/p><\/div><\/div>\t\t\t\t<\/div>\n\t\t\t\t<\/div>\n\t\t\t\t<div class=\"elementor-element elementor-element-e1c9aa3 premium-modal-dismissible-yes elementor-widget elementor-widget-premium-addon-modal-box\" data-id=\"e1c9aa3\" data-element_type=\"widget\" data-e-type=\"widget\" data-settings=\"{&quot;premium_modal_box_animation&quot;:&quot;fadeInDown&quot;}\" data-widget_type=\"premium-addon-modal-box.default\">\n\t\t\t\t<div class=\"elementor-widget-container\">\n\t\t\t\t\t\n\t\t<div class=\"premium-modal-box-container\" data-settings=\"{&quot;trigger&quot;:&quot;button&quot;,&quot;show_on_exit&quot;:false}\">\n\t\t\t<div class=\"premium-modal-trigger-container\">\n\t\t\t\t\t\t\t\t\t<button data-toggle=\"premium-modal\" data-target=\"#premium-modal-e1c9aa3\" type=\"button\" class=\"premium-modal-trigger-btn premium-btn-lg premium-button-none \" data-text=\"Ver biograf\u00eda\">\n\n\t\t\t\t\t\t\n\t\t\t\t\t\t<div class=\"premium-button-text-icon-wrapper\">\n\t\t\t\t\t\t\t<span>Ver biograf\u00eda<\/span>\n\t\t\t\t\t\t<\/div>\n\n\t\t\t\t\t\t\n\t\t\t\t\t\t\n\t\t\t\t\t\t\n\t\t\t\t\t<\/button>\n\t\t\t\t\t\t\t<\/div>\n\n\t\t\t<div id=\"premium-modal-e1c9aa3\" class=\"premium-modal-box-modal\"\n\t\t\trole=\"dialog\"\n\t\t\tstyle=\"display: none\"\n\t\t\t>\n\t\t\t\t<div class=\"premium-modal-box-modal-dialog\" data-delay-animation=\"\" data-modal-animation=\"fadeInDown animated-fast\">\n\t\t\t\t\t\t\t\t\t\t\t<div class=\"premium-modal-box-modal-header\">\n\t\t\t\t\t\t\t\t\t\t\t\t\t\t\t<h3 class=\"premium-modal-box-modal-title\">\n\t\t\t\t\t\t\t\t\tMayra Parra \u2014 Paralegal \/ Gestora de casos\t\t\t\t\t\t\t\t<\/h3>\n\t\t\t\t\t\t\t\t\t\t\t\t\t\t\t\t\t\t\t\t\t\t<div class=\"premium-modal-box-close-button-container\">\n\t\t\t\t\t\t\t\t\t<button type=\"button\" class=\"premium-modal-box-modal-close\" data-dismiss=\"premium-modal\">&times;<\/button>\n\t\t\t\t\t\t\t\t<\/div>\n\t\t\t\t\t\t\t\t\t\t\t\t\t<\/div>\n\t\t\t\t\t\t\t\t\t\t<div class=\"premium-modal-box-modal-body\">\n\t\t\t\t\t\t\t\t\t\t\t\t\t<p><span style=\"font-weight: 400;\">Mayra Parra ejerce como gestora de casos y paralegal en las Oficinas Legales de Roberto Hernandez, apoyando a todos los clientes mientras atraviesan los momentos dif\u00edciles del proceso de lesiones personales. Su funci\u00f3n incluye ayudar a mantener organizados los asuntos del caso, proporcionando a los clientes apoyo y comunicaci\u00f3n durante toda su experiencia con la firma. <\/span><\/p><p><span style=\"font-weight: 400;\">Sabe que una lesi\u00f3n puede traer muchas preguntas e incertidumbre, lo que hace que un seguimiento fiable y una comunicaci\u00f3n clara sean especialmente importantes. Mayra trabaja como parte del equipo de la firma para ayudar a que los casos sigan avanzando y asegurar que los detalles esenciales reciban la atenci\u00f3n adecuada. A trav\u00e9s de su trabajo, contribuye al objetivo de la firma de proporcionar un apoyo receptivo, atento y centrado en el cliente.  <\/span><\/p>\n\t\t\t\t\t\t\t\t\t\t\t<\/div>\n\t\t\t\t\t\t\t\t\t\t\t<div class=\"premium-modal-box-modal-footer\">\n\t\t\t\t\t\t\t<button type=\"button\" class=\"premium-modal-box-modal-lower-close\" data-dismiss=\"premium-modal\">\n\t\t\t\t\t\t\t\tCerrar\t\t\t\t\t\t\t<\/button>\n\t\t\t\t\t\t<\/div>\n\t\t\t\t\t\t\t\t\t<\/div>\n\t\t\t<\/div>\n\t\t<\/div>\n\t\t\t\t\t\t<\/div>\n\t\t\t\t<\/div>\n\t\t\t\t<\/div>\n\t\t\t\t<\/div>\n\t\t<div class=\"elementor-element elementor-element-bc2f8a3 e-con-full e-flex e-con e-child\" data-id=\"bc2f8a3\" data-element_type=\"container\" data-e-type=\"container\">\n\t\t<div class=\"elementor-element elementor-element-c53c983 e-con-full e-flex e-con e-child\" data-id=\"c53c983\" data-element_type=\"container\" data-e-type=\"container\" data-settings=\"{&quot;background_background&quot;:&quot;classic&quot;}\">\n\t\t\t\t<div class=\"elementor-element elementor-element-c586819 elementor-position-top elementor-widget-mobile__width-inherit elementor-position-top elementor-widget elementor-widget-image-box\" data-id=\"c586819\" data-element_type=\"widget\" data-e-type=\"widget\" data-widget_type=\"image-box.default\">\n\t\t\t\t<div class=\"elementor-widget-container\">\n\t\t\t\t\t<div class=\"elementor-image-box-wrapper\"><figure class=\"elementor-image-box-img\"><img loading=\"lazy\" decoding=\"async\" width=\"1024\" height=\"1024\" src=\"https:\/\/hernandezinjurylaw.com\/wp-content\/uploads\/2026\/08\/Generated-Image-August-29-2026-3_13PM-1.webp\" class=\"attachment-full size-full wp-image-12213\" alt=\"\" \/><\/figure><div class=\"elementor-image-box-content\"><h3 class=\"elementor-image-box-title\"><span><b>Victor De La Vega<\/b><\/span><br \/><span style=\"font-size:25px;color:black\">Relaciones con la comunidad \/ Marketing<\/span><\/h3><p class=\"elementor-image-box-description\">Con m\u00e1s de 25 a\u00f1os de experiencia en servicio al cliente, desarrollo comunitario, liderazgo y recursos humanos, aporta un enfoque centrado en las personas para apoyarlas.\n<\/p><\/div><\/div>\t\t\t\t<\/div>\n\t\t\t\t<\/div>\n\t\t\t\t<div class=\"elementor-element elementor-element-713b7e2 premium-modal-dismissible-yes elementor-widget elementor-widget-premium-addon-modal-box\" data-id=\"713b7e2\" data-element_type=\"widget\" data-e-type=\"widget\" data-settings=\"{&quot;premium_modal_box_animation&quot;:&quot;fadeInDown&quot;}\" data-widget_type=\"premium-addon-modal-box.default\">\n\t\t\t\t<div class=\"elementor-widget-container\">\n\t\t\t\t\t\n\t\t<div class=\"premium-modal-box-container\" data-settings=\"{&quot;trigger&quot;:&quot;button&quot;,&quot;show_on_exit&quot;:false}\">\n\t\t\t<div class=\"premium-modal-trigger-container\">\n\t\t\t\t\t\t\t\t\t<button data-toggle=\"premium-modal\" data-target=\"#premium-modal-713b7e2\" type=\"button\" class=\"premium-modal-trigger-btn premium-btn-lg premium-button-none \" data-text=\"Ver biograf\u00eda\">\n\n\t\t\t\t\t\t\n\t\t\t\t\t\t<div class=\"premium-button-text-icon-wrapper\">\n\t\t\t\t\t\t\t<span>Ver biograf\u00eda<\/span>\n\t\t\t\t\t\t<\/div>\n\n\t\t\t\t\t\t\n\t\t\t\t\t\t\n\t\t\t\t\t\t\n\t\t\t\t\t<\/button>\n\t\t\t\t\t\t\t<\/div>\n\n\t\t\t<div id=\"premium-modal-713b7e2\" class=\"premium-modal-box-modal\"\n\t\t\trole=\"dialog\"\n\t\t\tstyle=\"display: none\"\n\t\t\t>\n\t\t\t\t<div class=\"premium-modal-box-modal-dialog\" data-delay-animation=\"\" data-modal-animation=\"fadeInDown animated-fast\">\n\t\t\t\t\t\t\t\t\t\t\t<div class=\"premium-modal-box-modal-header\">\n\t\t\t\t\t\t\t\t\t\t\t\t\t\t\t<h3 class=\"premium-modal-box-modal-title\">\n\t\t\t\t\t\t\t\t\tVictor De La Vega \u2014 Relaciones con la comunidad \/ Marketing\t\t\t\t\t\t\t\t<\/h3>\n\t\t\t\t\t\t\t\t\t\t\t\t\t\t\t\t\t\t\t\t\t\t<div class=\"premium-modal-box-close-button-container\">\n\t\t\t\t\t\t\t\t\t<button type=\"button\" class=\"premium-modal-box-modal-close\" data-dismiss=\"premium-modal\">&times;<\/button>\n\t\t\t\t\t\t\t\t<\/div>\n\t\t\t\t\t\t\t\t\t\t\t\t\t<\/div>\n\t\t\t\t\t\t\t\t\t\t<div class=\"premium-modal-box-modal-body\">\n\t\t\t\t\t\t\t\t\t\t\t\t\t<p><span style=\"font-weight: 400;\">Victor De La Vega aporta m\u00e1s de 25 a\u00f1os de experiencia en desarrollo comunitario, liderazgo, recursos humanos, servicio al cliente y campos relacionados a su trabajo en esta firma. Posee un t\u00edtulo universitario y ha forjado su carrera trabajando con equipos y personas l\u00edderes, desarrollando conexiones significativas dentro de la comunidad.  <\/span><\/p><p><span style=\"font-weight: 400;\">Hoy en d\u00eda, Victor se centra en el marketing y las relaciones con la comunidad, al tiempo que apoya a personas que se enfrentan a lesiones personales y otras circunstancias inesperadas. Adopta un enfoque centrado en el cliente, dedicando el tiempo necesario para entender las necesidades de cada uno y ofrecer un apoyo atento. Cree en ayudar a las personas a sentirse informadas, escuchadas y empoderadas mientras avanzan durante las fases dif\u00edciles.  <\/span><\/p>\n\t\t\t\t\t\t\t\t\t\t\t<\/div>\n\t\t\t\t\t\t\t\t\t\t\t<div class=\"premium-modal-box-modal-footer\">\n\t\t\t\t\t\t\t<button type=\"button\" class=\"premium-modal-box-modal-lower-close\" data-dismiss=\"premium-modal\">\n\t\t\t\t\t\t\t\tCerrar\t\t\t\t\t\t\t<\/button>\n\t\t\t\t\t\t<\/div>\n\t\t\t\t\t\t\t\t\t<\/div>\n\t\t\t<\/div>\n\t\t<\/div>\n\t\t\t\t\t\t<\/div>\n\t\t\t\t<\/div>\n\t\t\t\t<\/div>\n\t\t<div class=\"elementor-element elementor-element-614ddcd e-con-full e-flex e-con e-child\" data-id=\"614ddcd\" data-element_type=\"container\" data-e-type=\"container\" data-settings=\"{&quot;background_background&quot;:&quot;classic&quot;}\">\n\t\t\t\t<div class=\"elementor-element elementor-element-29a848a elementor-position-top elementor-widget-mobile__width-inherit elementor-position-top elementor-widget elementor-widget-image-box\" data-id=\"29a848a\" data-element_type=\"widget\" data-e-type=\"widget\" data-widget_type=\"image-box.default\">\n\t\t\t\t<div class=\"elementor-widget-container\">\n\t\t\t\t\t<div class=\"elementor-image-box-wrapper\"><figure class=\"elementor-image-box-img\"><img loading=\"lazy\" decoding=\"async\" width=\"1024\" height=\"1024\" src=\"https:\/\/hernandezinjurylaw.com\/wp-content\/uploads\/2026\/08\/Generated-Image-August-28-2026-10_54PM-1-1.webp\" class=\"attachment-full size-full wp-image-12214\" alt=\"\" \/><\/figure><div class=\"elementor-image-box-content\"><h3 class=\"elementor-image-box-title\"><span><b>Sandra Santos<\/b><\/span><br \/><span style=\"font-size:25px;color:black\">Recepcionista<\/span><\/h3><p class=\"elementor-image-box-description\">Sandra es a menudo una de las primeras personas que los clientes conocen en la firma, ayudando a crear una experiencia acogedora y asegurando que los clientes conecten con el miembro adecuado del equipo.\n<\/p><\/div><\/div>\t\t\t\t<\/div>\n\t\t\t\t<\/div>\n\t\t\t\t<div class=\"elementor-element elementor-element-e4d8821 premium-modal-dismissible-yes elementor-widget elementor-widget-premium-addon-modal-box\" data-id=\"e4d8821\" data-element_type=\"widget\" data-e-type=\"widget\" data-settings=\"{&quot;premium_modal_box_animation&quot;:&quot;fadeInDown&quot;}\" data-widget_type=\"premium-addon-modal-box.default\">\n\t\t\t\t<div class=\"elementor-widget-container\">\n\t\t\t\t\t\n\t\t<div class=\"premium-modal-box-container\" data-settings=\"{&quot;trigger&quot;:&quot;button&quot;,&quot;show_on_exit&quot;:false}\">\n\t\t\t<div class=\"premium-modal-trigger-container\">\n\t\t\t\t\t\t\t\t\t<button data-toggle=\"premium-modal\" data-target=\"#premium-modal-e4d8821\" type=\"button\" class=\"premium-modal-trigger-btn premium-btn-lg premium-button-none \" data-text=\"Ver biograf\u00eda\">\n\n\t\t\t\t\t\t\n\t\t\t\t\t\t<div class=\"premium-button-text-icon-wrapper\">\n\t\t\t\t\t\t\t<span>Ver biograf\u00eda<\/span>\n\t\t\t\t\t\t<\/div>\n\n\t\t\t\t\t\t\n\t\t\t\t\t\t\n\t\t\t\t\t\t\n\t\t\t\t\t<\/button>\n\t\t\t\t\t\t\t<\/div>\n\n\t\t\t<div id=\"premium-modal-e4d8821\" class=\"premium-modal-box-modal\"\n\t\t\trole=\"dialog\"\n\t\t\tstyle=\"display: none\"\n\t\t\t>\n\t\t\t\t<div class=\"premium-modal-box-modal-dialog\" data-delay-animation=\"\" data-modal-animation=\"fadeInDown animated-fast\">\n\t\t\t\t\t\t\t\t\t\t\t<div class=\"premium-modal-box-modal-header\">\n\t\t\t\t\t\t\t\t\t\t\t\t\t\t\t<h3 class=\"premium-modal-box-modal-title\">\n\t\t\t\t\t\t\t\t\tSandra Santos \u2014 Recepcionista\t\t\t\t\t\t\t\t<\/h3>\n\t\t\t\t\t\t\t\t\t\t\t\t\t\t\t\t\t\t\t\t\t\t<div class=\"premium-modal-box-close-button-container\">\n\t\t\t\t\t\t\t\t\t<button type=\"button\" class=\"premium-modal-box-modal-close\" data-dismiss=\"premium-modal\">&times;<\/button>\n\t\t\t\t\t\t\t\t<\/div>\n\t\t\t\t\t\t\t\t\t\t\t\t\t<\/div>\n\t\t\t\t\t\t\t\t\t\t<div class=\"premium-modal-box-modal-body\">\n\t\t\t\t\t\t\t\t\t\t\t\t\t<p><span style=\"font-weight: 400;\">Sandra Santos ejerce como recepcionista en las Oficinas Legales de Roberto Hernandez. Ayuda a proporcionar un primer punto de contacto acogedor tanto para visitantes como para clientes. En un entorno de lesiones personales, ella entiende perfectamente c\u00f3mo hacer que las personas se sientan c\u00f3modas y asegurar que conecten con el miembro adecuado del equipo.   <\/span><\/p><p><span style=\"font-weight: 400;\">Sandra apoya la experiencia diaria de los clientes en la firma con un enfoque atento y amable. Su papel es una parte crucial en la creaci\u00f3n de un entorno donde los clientes se sientan reconocidos y tratados con total respeto desde el momento en que contactan. A trav\u00e9s de su trabajo en la recepci\u00f3n de la firma, se asegura de que cada persona reciba una introducci\u00f3n profesional a la par que c\u00e1lida al equipo.  <\/span><\/p>\n\t\t\t\t\t\t\t\t\t\t\t<\/div>\n\t\t\t\t\t\t\t\t\t\t\t<div class=\"premium-modal-box-modal-footer\">\n\t\t\t\t\t\t\t<button type=\"button\" class=\"premium-modal-box-modal-lower-close\" data-dismiss=\"premium-modal\">\n\t\t\t\t\t\t\t\tCerrar\t\t\t\t\t\t\t<\/button>\n\t\t\t\t\t\t<\/div>\n\t\t\t\t\t\t\t\t\t<\/div>\n\t\t\t<\/div>\n\t\t<\/div>\n\t\t\t\t\t\t<\/div>\n\t\t\t\t<\/div>\n\t\t\t\t<\/div>\n\t\t\t\t<\/div>\n\t\t\t\t\t<\/div>\n\t\t\t\t<\/div>\n\t\t<div class=\"elementor-element elementor-element-cc811da e-flex e-con-boxed e-con e-parent\" data-id=\"cc811da\" data-element_type=\"container\" data-e-type=\"container\">\n\t\t\t\t\t<div class=\"e-con-inner\">\n\t\t<div class=\"elementor-element elementor-element-47dab93 e-con-full e-flex e-con e-child\" data-id=\"47dab93\" data-element_type=\"container\" data-e-type=\"container\">\n\t\t<div class=\"elementor-element elementor-element-73e3dcd e-con-full e-flex e-con e-child\" data-id=\"73e3dcd\" data-element_type=\"container\" data-e-type=\"container\" data-settings=\"{&quot;background_background&quot;:&quot;classic&quot;}\">\n\t\t\t\t<\/div>\n\t\t\t\t<\/div>\n\t\t<div class=\"elementor-element elementor-element-a7a0c2a e-con-full e-flex e-con e-child\" data-id=\"a7a0c2a\" data-element_type=\"container\" data-e-type=\"container\">\n\t\t\t\t<div class=\"elementor-element elementor-element-a029abe premium-header-block premium-lq__none premium-box-lq__none elementor-widget elementor-widget-premium-addon-dual-header\" data-id=\"a029abe\" data-element_type=\"widget\" data-e-type=\"widget\" data-widget_type=\"premium-addon-dual-header.default\">\n\t\t\t\t\t\n\t\t<div class=\"elementor-widget-container\">\n\t\t<div class=\"premium-dual-header-wrapper\">\n\t\t\t\t\t<h2 class=\"premium-dual-header-first-header \"><span class=\"premium-dual-header-first-span\">\u00a1M\u00e1s que un equipo legal! <\/span><\/h2> \t\t\t\t\t\t<\/div>\n\t\t<\/div>\n\n\t\t\t\t\t\t<\/div>\n\t\t\t\t<div class=\"elementor-element elementor-element-5a76aea elementor-widget elementor-widget-text-editor\" data-id=\"5a76aea\" data-element_type=\"widget\" data-e-type=\"widget\" data-widget_type=\"text-editor.default\">\n\t\t\t\t<div class=\"elementor-widget-container\">\n\t\t\t\t\t\t\t\t\t<p><span style=\"font-weight: 400;\">Detr\u00e1s de cada caso hay una familia, una persona y una vida que puede haber dado un vuelco inesperado. Entendemos que no solo vienes a nosotros con papeleo; vienes con preocupaciones, preguntas y, sobre todo, con la necesidad de que alguien te escuche. <\/span><\/p><p><span style=\"font-weight: 400;\">Por eso creemos que una buena representaci\u00f3n comienza tratando a las personas como personas. Nos tomamos el tiempo para entender por lo que est\u00e1s pasando, nos comunicamos contigo a lo largo del camino y le damos a tu caso la atenci\u00f3n que merece. Nuestro equipo aporta diferentes experiencias y habilidades, pero compartimos el mismo objetivo: \u00abayudarte a sentirte escuchado, informado y seguro mientras avanzas en el proceso legal\u00bb.  <\/span><\/p>\t\t\t\t\t\t\t\t<\/div>\n\t\t\t\t<\/div>\n\t\t\t\t<\/div>\n\t\t\t\t\t<\/div>\n\t\t\t\t<\/div>\n\t\t<div class=\"elementor-element elementor-element-8519a67 e-flex e-con-boxed e-con e-parent\" data-id=\"8519a67\" data-element_type=\"container\" data-e-type=\"container\" data-settings=\"{&quot;background_background&quot;:&quot;classic&quot;}\">\n\t\t\t\t\t<div class=\"e-con-inner\">\n\t\t<div class=\"elementor-element elementor-element-61696d8 e-con-full e-flex e-con e-child\" data-id=\"61696d8\" data-element_type=\"container\" data-e-type=\"container\">\n\t\t\t\t<div class=\"elementor-element elementor-element-3e061ae premium-header-block premium-lq__none premium-box-lq__none elementor-widget elementor-widget-premium-addon-dual-header\" data-id=\"3e061ae\" data-element_type=\"widget\" data-e-type=\"widget\" data-widget_type=\"premium-addon-dual-header.default\">\n\t\t\t\t\t\n\t\t<div class=\"elementor-widget-container\">\n\t\t<div class=\"premium-dual-header-wrapper\">\n\t\t\t\t\t<h2 class=\"premium-dual-header-first-header \"><span class=\"premium-dual-header-first-span\">\u00bfTienes preguntas sobre tu caso de lesiones? <\/span><\/h2> \t\t\t\t\t\t<\/div>\n\t\t<\/div>\n\n\t\t\t\t\t\t<\/div>\n\t\t\t\t<div class=\"elementor-element elementor-element-ea5ddc8 elementor-widget__width-initial elementor-widget-mobile__width-inherit elementor-widget elementor-widget-text-editor\" data-id=\"ea5ddc8\" data-element_type=\"widget\" data-e-type=\"widget\" data-widget_type=\"text-editor.default\">\n\t\t\t\t<div class=\"elementor-widget-container\">\n\t\t\t\t\t\t\t\t\t<p><span style=\"font-weight: 400;\">No tienes por qu\u00e9 averiguar qu\u00e9 es lo siguiente por tu cuenta. Si has sufrido una lesi\u00f3n y no est\u00e1s seguro de tus posibles opciones legales, estamos aqu\u00ed para ayudarte. Nuestro equipo est\u00e1 aqu\u00ed para escuchar, responder a tus preguntas y ayudarte a entender el camino que tienes por delante.  <\/span><\/p>\t\t\t\t\t\t\t\t<\/div>\n\t\t\t\t<\/div>\n\t\t\t\t<div class=\"elementor-element elementor-element-7bbf376 elementor-mobile-align-justify elementor-align-center elementor-widget elementor-widget-button\" data-id=\"7bbf376\" data-element_type=\"widget\" data-e-type=\"widget\" data-widget_type=\"button.default\">\n\t\t\t\t<div class=\"elementor-widget-container\">\n\t\t\t\t\t\t\t\t\t<div class=\"elementor-button-wrapper\">\n\t\t\t\t\t<a class=\"elementor-button elementor-button-link elementor-size-sm\" href=\"https:\/\/hernandezinjurylaw.com\/es\/contacta-con-nosotros\/\">\n\t\t\t\t\t\t<span class=\"elementor-button-content-wrapper\">\n\t\t\t\t\t\t<span class=\"elementor-button-icon\">\n\t\t\t\t<i aria-hidden=\"true\" class=\"fas fa-arrow-right\"><\/i>\t\t\t<\/span>\n\t\t\t\t\t\t\t\t\t<span class=\"elementor-button-text\">Programa una consulta gratuita<\/span>\n\t\t\t\t\t<\/span>\n\t\t\t\t\t<\/a>\n\t\t\t\t<\/div>\n\t\t\t\t\t\t\t\t<\/div>\n\t\t\t\t<\/div>\n\t\t\t\t<\/div>\n\t\t\t\t\t<\/div>\n\t\t\t\t<\/div>\n\t\t\t\t<\/div>\n\t\t","protected":false},"excerpt":{"rendered":"<p>Conoce a nuestro equipo Cuando te enfrentas a una lesi\u00f3n, contar con las personas adecuadas a tu lado puede hacer que el proceso legal sea mucho m\u00e1s llevadero. En las Oficinas Legales de Roberto Hernandez, nuestro dedicado equipo trabaja unido para ayudar a los clientes a entender sus opciones, mantenerse informados y gestionar los pasos [&hellip;]<\/p>\n","protected":false},"author":3,"featured_media":0,"parent":0,"menu_order":0,"comment_status":"closed","ping_status":"closed","template":"","meta":{"footnotes":""},"class_list":["post-12216","page","type-page","status-publish","hentry"],"yoast_head":"<!-- This site is optimized with the Yoast SEO plugin v28.4 - https:\/\/yoast.com\/product\/yoast-seo-wordpress\/ -->\n<title>Conoce a nuestro equipo - The Law Offices of Roberto Hernandez, PLLC.<\/title>\n<meta name=\"robots\" content=\"index, follow, max-snippet:-1, max-image-preview:large, max-video-preview:-1\" \/>\n<link rel=\"canonical\" href=\"https:\/\/hernandezinjurylaw.com\/es\/conoce-a-nuestro-equipo\/\" \/>\n<meta property=\"og:locale\" content=\"es_ES\" \/>\n<meta property=\"og:type\" content=\"article\" \/>\n<meta property=\"og:title\" content=\"Conoce a nuestro equipo - The Law Offices of Roberto Hernandez, PLLC.\" \/>\n<meta property=\"og:description\" content=\"Conoce a nuestro equipo Cuando te enfrentas a una lesi\u00f3n, contar con las personas adecuadas a tu lado puede hacer que el proceso legal sea mucho m\u00e1s llevadero. En las Oficinas Legales de Roberto Hernandez, nuestro dedicado equipo trabaja unido para ayudar a los clientes a entender sus opciones, mantenerse informados y gestionar los pasos [&hellip;]\" \/>\n<meta property=\"og:url\" content=\"https:\/\/hernandezinjurylaw.com\/es\/conoce-a-nuestro-equipo\/\" \/>\n<meta property=\"og:site_name\" content=\"The Law Offices of Roberto Hernandez, PLLC.\" \/>\n<meta property=\"article:modified_time\" content=\"2026-09-01T07:35:05+00:00\" \/>\n<meta property=\"og:image\" content=\"https:\/\/hernandezinjurylaw.com\/wp-content\/uploads\/2026\/08\/remove.png\" \/>\n\t<meta property=\"og:image:width\" content=\"512\" \/>\n\t<meta property=\"og:image:height\" content=\"512\" \/>\n\t<meta property=\"og:image:type\" content=\"image\/png\" \/>\n<meta name=\"twitter:card\" content=\"summary_large_image\" \/>\n<meta name=\"twitter:label1\" content=\"Tiempo de lectura\" \/>\n\t<meta name=\"twitter:data1\" content=\"9 minutos\" \/>\n<!-- \/ Yoast SEO plugin. -->","yoast_head_json":{"title":"Conoce a nuestro equipo - The Law Offices of Roberto Hernandez, PLLC.","robots":{"index":"index","follow":"follow","max-snippet":"max-snippet:-1","max-image-preview":"max-image-preview:large","max-video-preview":"max-video-preview:-1"},"canonical":"https:\/\/hernandezinjurylaw.com\/es\/conoce-a-nuestro-equipo\/","og_locale":"es_ES","og_type":"article","og_title":"Conoce a nuestro equipo - The Law Offices of Roberto Hernandez, PLLC.","og_description":"Conoce a nuestro equipo Cuando te enfrentas a una lesi\u00f3n, contar con las personas adecuadas a tu lado puede hacer que el proceso legal sea mucho m\u00e1s llevadero. En las Oficinas Legales de Roberto Hernandez, nuestro dedicado equipo trabaja unido para ayudar a los clientes a entender sus opciones, mantenerse informados y gestionar los pasos [&hellip;]","og_url":"https:\/\/hernandezinjurylaw.com\/es\/conoce-a-nuestro-equipo\/","og_site_name":"The Law Offices of Roberto Hernandez, PLLC.","article_modified_time":"2026-09-01T07:35:05+00:00","og_image":[{"width":512,"height":512,"url":"https:\/\/hernandezinjurylaw.com\/wp-content\/uploads\/2026\/08\/remove.png","type":"image\/png"}],"twitter_card":"summary_large_image","twitter_misc":{"Tiempo de lectura":"9 minutos"},"schema":{"@context":"https:\/\/schema.org","@graph":[{"@type":"WebPage","@id":"https:\/\/hernandezinjurylaw.com\/es\/conoce-a-nuestro-equipo\/","url":"https:\/\/hernandezinjurylaw.com\/es\/conoce-a-nuestro-equipo\/","name":"Conoce a nuestro equipo - The Law Offices of Roberto Hernandez, PLLC.","isPartOf":{"@id":"https:\/\/hernandezinjurylaw.com\/es\/#website"},"primaryImageOfPage":{"@id":"https:\/\/hernandezinjurylaw.com\/es\/conoce-a-nuestro-equipo\/#primaryimage"},"image":{"@id":"https:\/\/hernandezinjurylaw.com\/es\/conoce-a-nuestro-equipo\/#primaryimage"},"thumbnailUrl":"https:\/\/hernandezinjurylaw.com\/wp-content\/uploads\/2026\/08\/remove.png","datePublished":"2026-08-28T10:52:03+00:00","dateModified":"2026-09-01T07:35:05+00:00","breadcrumb":{"@id":"https:\/\/hernandezinjurylaw.com\/es\/conoce-a-nuestro-equipo\/#breadcrumb"},"inLanguage":"es","potentialAction":[{"@type":"ReadAction","target":["https:\/\/hernandezinjurylaw.com\/es\/conoce-a-nuestro-equipo\/"]}]},{"@type":"ImageObject","inLanguage":"es","@id":"https:\/\/hernandezinjurylaw.com\/es\/conoce-a-nuestro-equipo\/#primaryimage","url":"https:\/\/hernandezinjurylaw.com\/wp-content\/uploads\/2026\/08\/remove.png","contentUrl":"https:\/\/hernandezinjurylaw.com\/wp-content\/uploads\/2026\/08\/remove.png"},{"@type":"BreadcrumbList","@id":"https:\/\/hernandezinjurylaw.com\/es\/conoce-a-nuestro-equipo\/#breadcrumb","itemListElement":[{"@type":"ListItem","position":1,"name":"Home","item":"https:\/\/hernandezinjurylaw.com\/es\/"},{"@type":"ListItem","position":2,"name":"Conoce a nuestro equipo"}]},{"@type":"WebSite","@id":"https:\/\/hernandezinjurylaw.com\/es\/#website","url":"https:\/\/hernandezinjurylaw.com\/es\/","name":"The Law Offices of Roberto Hernandez, PLLC.","description":"Law Firm","publisher":{"@id":"https:\/\/hernandezinjurylaw.com\/es\/#organization"},"potentialAction":[{"@type":"SearchAction","target":{"@type":"EntryPoint","urlTemplate":"https:\/\/hernandezinjurylaw.com\/es\/?s={search_term_string}"},"query-input":{"@type":"PropertyValueSpecification","valueRequired":true,"valueName":"search_term_string"}}],"inLanguage":"es"},{"@type":"Organization","@id":"https:\/\/hernandezinjurylaw.com\/es\/#organization","name":"The Law Offices of Roberto Hernandez, PLLC.","url":"https:\/\/hernandezinjurylaw.com\/es\/","logo":{"@type":"ImageObject","inLanguage":"es","@id":"https:\/\/hernandezinjurylaw.com\/es\/#\/schema\/logo\/image\/","url":"https:\/\/hernandezinjurylaw.com\/wp-content\/uploads\/2022\/09\/cropped-roberto-hernandez-menu-logo.jpg","contentUrl":"https:\/\/hernandezinjurylaw.com\/wp-content\/uploads\/2022\/09\/cropped-roberto-hernandez-menu-logo.jpg","width":374,"height":183,"caption":"The Law Offices of Roberto Hernandez, PLLC."},"image":{"@id":"https:\/\/hernandezinjurylaw.com\/es\/#\/schema\/logo\/image\/"}}]}},"_links":{"self":[{"href":"https:\/\/hernandezinjurylaw.com\/es\/wp-json\/wp\/v2\/pages\/12216","targetHints":{"allow":["GET"]}}],"collection":[{"href":"https:\/\/hernandezinjurylaw.com\/es\/wp-json\/wp\/v2\/pages"}],"about":[{"href":"https:\/\/hernandezinjurylaw.com\/es\/wp-json\/wp\/v2\/types\/page"}],"author":[{"embeddable":true,"href":"https:\/\/hernandezinjurylaw.com\/es\/wp-json\/wp\/v2\/users\/3"}],"replies":[{"embeddable":true,"href":"https:\/\/hernandezinjurylaw.com\/es\/wp-json\/wp\/v2\/comments?post=12216"}],"version-history":[{"count":1,"href":"https:\/\/hernandezinjurylaw.com\/es\/wp-json\/wp\/v2\/pages\/12216\/revisions"}],"predecessor-version":[{"id":12222,"href":"https:\/\/hernandezinjurylaw.com\/es\/wp-json\/wp\/v2\/pages\/12216\/revisions\/12222"}],"wp:attachment":[{"href":"https:\/\/hernandezinjurylaw.com\/es\/wp-json\/wp\/v2\/media?parent=12216"}],"curies":[{"name":"wp","href":"https:\/\/api.w.org\/{rel}","templated":true}]}}